{"id":3609,"date":"2023-07-15T10:27:00","date_gmt":"2023-07-15T10:27:00","guid":{"rendered":"https:\/\/www.celtic-concerts-sessions.ch\/news\/?page_id=3609"},"modified":"2024-03-25T20:19:48","modified_gmt":"2024-03-25T20:19:48","slug":"24-05-2024-luka-bloom-irl","status":"publish","type":"page","link":"https:\/\/www.celtic-concerts-sessions.ch\/news\/24-05-2024-luka-bloom-irl\/","title":{"rendered":"24.05.2024 | Luka Bloom (IRL)"},"content":{"rendered":"\n<figure class=\"wp-block-image size-large\"><a href=\"https:\/\/i0.wp.com\/www.celtic-concerts-sessions.ch\/news\/wp-content\/uploads\/2023\/07\/2024-05-24-Luka-Bloom-2-c-George-Karbus.jpg?ssl=1\"><img data-recalc-dims=\"1\" loading=\"lazy\" decoding=\"async\" width=\"840\" height=\"560\" data-attachment-id=\"3612\" data-permalink=\"https:\/\/www.celtic-concerts-sessions.ch\/news\/24-05-2024-luka-bloom-irl\/2024-05-24-luka-bloom-2-c-george-karbus\/\" data-orig-file=\"https:\/\/i0.wp.com\/www.celtic-concerts-sessions.ch\/news\/wp-content\/uploads\/2023\/07\/2024-05-24-Luka-Bloom-2-c-George-Karbus.jpg?fit=2500%2C1667&amp;ssl=1\" data-orig-size=\"2500,1667\" data-comments-opened=\"1\" data-image-meta=\"{&quot;aperture&quot;:&quot;0&quot;,&quot;credit&quot;:&quot;&quot;,&quot;camera&quot;:&quot;&quot;,&quot;caption&quot;:&quot;&quot;,&quot;created_timestamp&quot;:&quot;0&quot;,&quot;copyright&quot;:&quot;George Karbus Photography_&quot;,&quot;focal_length&quot;:&quot;0&quot;,&quot;iso&quot;:&quot;0&quot;,&quot;shutter_speed&quot;:&quot;0&quot;,&quot;title&quot;:&quot;&quot;,&quot;orientation&quot;:&quot;0&quot;}\" data-image-title=\"2024-05-24 Luka Bloom 2 &amp;#8211; c George Karbus\" data-image-description=\"\" data-image-caption=\"\" data-medium-file=\"https:\/\/i0.wp.com\/www.celtic-concerts-sessions.ch\/news\/wp-content\/uploads\/2023\/07\/2024-05-24-Luka-Bloom-2-c-George-Karbus.jpg?fit=300%2C200&amp;ssl=1\" data-large-file=\"https:\/\/i0.wp.com\/www.celtic-concerts-sessions.ch\/news\/wp-content\/uploads\/2023\/07\/2024-05-24-Luka-Bloom-2-c-George-Karbus.jpg?fit=840%2C560&amp;ssl=1\" src=\"https:\/\/i0.wp.com\/www.celtic-concerts-sessions.ch\/news\/wp-content\/uploads\/2023\/07\/2024-05-24-Luka-Bloom-2-c-George-Karbus.jpg?resize=840%2C560&#038;ssl=1\" alt=\"\" class=\"wp-image-3612\" srcset=\"https:\/\/i0.wp.com\/www.celtic-concerts-sessions.ch\/news\/wp-content\/uploads\/2023\/07\/2024-05-24-Luka-Bloom-2-c-George-Karbus.jpg?resize=1024%2C683&amp;ssl=1 1024w, https:\/\/i0.wp.com\/www.celtic-concerts-sessions.ch\/news\/wp-content\/uploads\/2023\/07\/2024-05-24-Luka-Bloom-2-c-George-Karbus.jpg?resize=300%2C200&amp;ssl=1 300w, https:\/\/i0.wp.com\/www.celtic-concerts-sessions.ch\/news\/wp-content\/uploads\/2023\/07\/2024-05-24-Luka-Bloom-2-c-George-Karbus.jpg?resize=768%2C512&amp;ssl=1 768w, https:\/\/i0.wp.com\/www.celtic-concerts-sessions.ch\/news\/wp-content\/uploads\/2023\/07\/2024-05-24-Luka-Bloom-2-c-George-Karbus.jpg?resize=1536%2C1024&amp;ssl=1 1536w, https:\/\/i0.wp.com\/www.celtic-concerts-sessions.ch\/news\/wp-content\/uploads\/2023\/07\/2024-05-24-Luka-Bloom-2-c-George-Karbus.jpg?resize=2048%2C1366&amp;ssl=1 2048w, https:\/\/i0.wp.com\/www.celtic-concerts-sessions.ch\/news\/wp-content\/uploads\/2023\/07\/2024-05-24-Luka-Bloom-2-c-George-Karbus.jpg?resize=1200%2C800&amp;ssl=1 1200w, https:\/\/i0.wp.com\/www.celtic-concerts-sessions.ch\/news\/wp-content\/uploads\/2023\/07\/2024-05-24-Luka-Bloom-2-c-George-Karbus.jpg?w=1680&amp;ssl=1 1680w\" sizes=\"auto, (max-width: 709px) 85vw, (max-width: 909px) 67vw, (max-width: 1362px) 62vw, 840px\" \/><\/a><\/figure>\n\n\n\n<p><strong>Freitag, 24.05.2024<\/strong><\/p>\n\n\n\n<p><strong>Alte Kaserne Winterthur<\/strong><\/p>\n\n\n\n<p><strong>Luka Bloom (IRL)<\/strong><br>\u00abWave Up To The Shore\u00bb<\/p>\n\n\n\n<p><strong>Einer der gr\u00f6ssten Singer-Songwriter Irlands<\/strong><strong><\/strong><\/p>\n\n\n\n<p><strong>Vor und nach den Konzerten: Open Irish Session<\/strong><br><br>Konzert: 20:00<br>T\u00fcr\u00f6ffnung und Session ab 19:00<br><br>***<\/p>\n\n\n\n<div class=\"wp-block-columns wp-embed-aspect-16-9 wp-has-aspect-ratio is-layout-flex wp-container-core-columns-is-layout-9d6595d7 wp-block-columns-is-layout-flex\">\n<div class=\"wp-block-column is-layout-flow wp-block-column-is-layout-flow\" style=\"flex-basis:100%\">\n<div class=\"wp-block-group\"><div class=\"wp-block-group__inner-container is-layout-flow wp-block-group-is-layout-flow\">\n<p><strong>Preise<\/strong>: <br>Vorverkauf: Normalpreis: CHF 35.-\/Legi: CHF 30.-<br>Abendkasse: Normalpreis: CHF 40.-\/Legi: CHF 35.-<\/p>\n<\/div><\/div>\n<\/div>\n<\/div>\n\n\n\n<p class=\"wp-embed-aspect-16-9 wp-has-aspect-ratio\">Vorverkauf via <a rel=\"noreferrer noopener\" href=\"https:\/\/www.starticket.ch\/de\/tickets\/luka-bloom-plus-open-irish-session-20240525-2000-alte-kaserne-kulturzentrum-winterthur\" data-type=\"URL\" target=\"_blank\">Starticket<\/a> oder <a href=\"https:\/\/winterthur-tour.showare.ch\/ticketshop\/event\/celtic-concerts-sessions-1391\" data-type=\"URL\" data-id=\"https:\/\/winterthur-tour.showare.ch\/ticketshop\/event\/celtic-concerts-sessions-1391\" target=\"_blank\" rel=\"noreferrer noopener\">Ticket Winterthur<\/a><\/p>\n\n\n\n<p class=\"wp-embed-aspect-16-9 wp-has-aspect-ratio\">***<\/p>\n\n\n\n<p>Seit mehr als 30 Jahren tourt Luka Bloom rund um den Globus, spielt in Clubs, in grossen Hallen und an Festivals. Mehr als Grund genug, gleich ein 3-fach-Album \u00abWave Up To The Shore\u00bb mit Songs aus seiner langen Karriere zu ver\u00f6ffentlichen.<br>Seine charismatische Stimme und sein grandioses und kr\u00e4ftiges Gitarrenspiel f\u00fcllen jeden Raum aus. Die Songs pendeln zwischen Singer-Songwriterkunst und traditionellem Folk \u2013 ohne Angst vor eing\u00e4ngigen Popsongs mit unversch\u00e4mt grossem Ohrwurmpotential.<\/p>\n\n\n\n<p><a href=\"http:\/\/www.lukabloom.com\" target=\"_blank\" rel=\"noreferrer noopener\">www.lukabloom.com<\/a><br><a href=\"http:\/\/www.facebook.com\/lukabloom\" target=\"_blank\" rel=\"noreferrer noopener\">www.facebook.com\/lukabloom<\/a><\/p>\n\n\n\n<figure class=\"wp-block-embed is-type-video is-provider-youtube wp-block-embed-youtube wp-embed-aspect-16-9 wp-has-aspect-ratio\"><div class=\"wp-block-embed__wrapper\">\n<iframe loading=\"lazy\" title=\"Luka Bloom, The Man Is Alive..flv\" width=\"840\" height=\"473\" src=\"https:\/\/www.youtube.com\/embed\/Hpr7qj2cDtE?feature=oembed\" frameborder=\"0\" allow=\"accelerometer; autoplay; clipboard-write; encrypted-media; gyroscope; picture-in-picture; web-share\" referrerpolicy=\"strict-origin-when-cross-origin\" allowfullscreen><\/iframe>\n<\/div><\/figure>\n\n\n\n<figure class=\"wp-block-embed is-type-video is-provider-youtube wp-block-embed-youtube wp-embed-aspect-4-3 wp-has-aspect-ratio\"><div class=\"wp-block-embed__wrapper\">\n<iframe loading=\"lazy\" title=\"Luka Bloom - You Couldn&#039;t Have Come At A Better Time\" width=\"840\" height=\"630\" src=\"https:\/\/www.youtube.com\/embed\/LPVURIZ03tg?feature=oembed\" frameborder=\"0\" allow=\"accelerometer; autoplay; clipboard-write; encrypted-media; gyroscope; picture-in-picture; web-share\" referrerpolicy=\"strict-origin-when-cross-origin\" allowfullscreen><\/iframe>\n<\/div><\/figure>\n\n\n\n<figure class=\"wp-block-embed is-type-video is-provider-youtube wp-block-embed-youtube wp-embed-aspect-4-3 wp-has-aspect-ratio\"><div class=\"wp-block-embed__wrapper\">\n<iframe loading=\"lazy\" title=\"Sunny Sailor Boy - Taken from THE MAN IS ALIVE DVD\" width=\"840\" height=\"630\" src=\"https:\/\/www.youtube.com\/embed\/4sKdMQ7bNRo?start=4&#038;feature=oembed\" frameborder=\"0\" allow=\"accelerometer; autoplay; clipboard-write; encrypted-media; gyroscope; picture-in-picture; web-share\" referrerpolicy=\"strict-origin-when-cross-origin\" allowfullscreen><\/iframe>\n<\/div><\/figure>\n\n\n\n<figure class=\"wp-block-embed is-type-video is-provider-youtube wp-block-embed-youtube wp-embed-aspect-16-9 wp-has-aspect-ratio\"><div class=\"wp-block-embed__wrapper\">\n<iframe loading=\"lazy\" title=\"City of Chicago - Luka Bloom\" width=\"840\" height=\"473\" src=\"https:\/\/www.youtube.com\/embed\/7yD7r5ph0ks?feature=oembed\" frameborder=\"0\" allow=\"accelerometer; autoplay; clipboard-write; encrypted-media; gyroscope; picture-in-picture; web-share\" referrerpolicy=\"strict-origin-when-cross-origin\" allowfullscreen><\/iframe>\n<\/div><\/figure>\n\n\n\n<figure class=\"wp-block-embed is-type-video is-provider-youtube wp-block-embed-youtube wp-embed-aspect-4-3 wp-has-aspect-ratio\"><div class=\"wp-block-embed__wrapper\">\n<iframe loading=\"lazy\" title=\"Luka Bloom - I Need Love\" width=\"840\" height=\"630\" src=\"https:\/\/www.youtube.com\/embed\/zij70PCyBck?feature=oembed\" frameborder=\"0\" allow=\"accelerometer; autoplay; clipboard-write; encrypted-media; gyroscope; picture-in-picture; web-share\" referrerpolicy=\"strict-origin-when-cross-origin\" allowfullscreen><\/iframe>\n<\/div><\/figure>\n\n\n\n<p>***<\/p>\n\n\n\n<p>Was w\u00e4re ein Celtic-Abend ohne Session? Wir verwandeln die Alte Kaserne in ein Pub und lassen unsere Session-Musiker vor und nach dem Konzert musizieren. Jede und jeder darf mitspielen.<br>Also: Fiddle &amp; Co. eingepackt und los geht\u2019s!<br>Fragen zu den Sessions? Meldet euch bitte direkt bei Rose: info@irishevents.ch<\/p>\n","protected":false},"excerpt":{"rendered":"<p>Freitag, 24.05.2024 Alte Kaserne Winterthur Luka Bloom (IRL)\u00abWave Up To The Shore\u00bb Einer der gr\u00f6ssten Singer-Songwriter Irlands Preise: Vorverkauf: Normalpreis: CHF 35.-\/Legi: CHF 30.-Abendkasse: Normalpreis: CHF 40.-\/Legi: CHF 35.- Vorverkauf via Starticket oder Ticket Winterthur *** Seit mehr als 30 Jahren tourt Luka Bloom rund um den Globus, spielt in Clubs, in grossen Hallen und &hellip; <a href=\"https:\/\/www.celtic-concerts-sessions.ch\/news\/24-05-2024-luka-bloom-irl\/\" class=\"more-link\"><span class=\"screen-reader-text\">\u201e24.05.2024 | Luka Bloom (IRL)\u201c<\/span> weiterlesen<\/a><\/p>\n","protected":false},"author":1,"featured_media":0,"parent":0,"menu_order":0,"comment_status":"closed","ping_status":"closed","template":"","meta":{"jetpack_post_was_ever_published":false,"footnotes":""},"class_list":["post-3609","page","type-page","status-publish","hentry"],"jetpack_sharing_enabled":true,"jetpack_shortlink":"https:\/\/wp.me\/P9oLVZ-Wd","jetpack_likes_enabled":true,"jetpack-related-posts":[],"_links":{"self":[{"href":"https:\/\/www.celtic-concerts-sessions.ch\/news\/wp-json\/wp\/v2\/pages\/3609","targetHints":{"allow":["GET"]}}],"collection":[{"href":"https:\/\/www.celtic-concerts-sessions.ch\/news\/wp-json\/wp\/v2\/pages"}],"about":[{"href":"https:\/\/www.celtic-concerts-sessions.ch\/news\/wp-json\/wp\/v2\/types\/page"}],"author":[{"embeddable":true,"href":"https:\/\/www.celtic-concerts-sessions.ch\/news\/wp-json\/wp\/v2\/users\/1"}],"replies":[{"embeddable":true,"href":"https:\/\/www.celtic-concerts-sessions.ch\/news\/wp-json\/wp\/v2\/comments?post=3609"}],"version-history":[{"count":5,"href":"https:\/\/www.celtic-concerts-sessions.ch\/news\/wp-json\/wp\/v2\/pages\/3609\/revisions"}],"predecessor-version":[{"id":3664,"href":"https:\/\/www.celtic-concerts-sessions.ch\/news\/wp-json\/wp\/v2\/pages\/3609\/revisions\/3664"}],"wp:attachment":[{"href":"https:\/\/www.celtic-concerts-sessions.ch\/news\/wp-json\/wp\/v2\/media?parent=3609"}],"curies":[{"name":"wp","href":"https:\/\/api.w.org\/{rel}","templated":true}]}}