{"id":3487,"date":"2022-07-28T10:49:55","date_gmt":"2022-07-28T10:49:55","guid":{"rendered":"https:\/\/www.celtic-concerts-sessions.ch\/news\/?page_id=3487"},"modified":"2022-07-28T15:51:22","modified_gmt":"2022-07-28T15:51:22","slug":"10-09-2022-scottish-colours","status":"publish","type":"page","link":"https:\/\/www.celtic-concerts-sessions.ch\/news\/10-09-2022-scottish-colours\/","title":{"rendered":"10.09.2022 | Scottish Colours"},"content":{"rendered":"\n<figure class=\"wp-block-image size-large\"><a href=\"https:\/\/i0.wp.com\/www.celtic-concerts-sessions.ch\/news\/wp-content\/uploads\/2022\/07\/2022-09-10-Hannah-Rarity-1-Kopie.jpg?ssl=1\"><img data-recalc-dims=\"1\" loading=\"lazy\" decoding=\"async\" width=\"840\" height=\"560\" data-attachment-id=\"3492\" data-permalink=\"https:\/\/www.celtic-concerts-sessions.ch\/news\/10-09-2022-scottish-colours\/2022-09-10-hannah-rarity-1-kopie\/\" data-orig-file=\"https:\/\/i0.wp.com\/www.celtic-concerts-sessions.ch\/news\/wp-content\/uploads\/2022\/07\/2022-09-10-Hannah-Rarity-1-Kopie.jpg?fit=1250%2C834&amp;ssl=1\" data-orig-size=\"1250,834\" data-comments-opened=\"1\" data-image-meta=\"{&quot;aperture&quot;:&quot;2.8&quot;,&quot;credit&quot;:&quot;&quot;,&quot;camera&quot;:&quot;Canon EOS 5D Mark III&quot;,&quot;caption&quot;:&quot;&quot;,&quot;created_timestamp&quot;:&quot;1527709076&quot;,&quot;copyright&quot;:&quot;&quot;,&quot;focal_length&quot;:&quot;85&quot;,&quot;iso&quot;:&quot;250&quot;,&quot;shutter_speed&quot;:&quot;0.0025&quot;,&quot;title&quot;:&quot;&quot;,&quot;orientation&quot;:&quot;1&quot;}\" data-image-title=\"2022-09-10 Hannah Rarity 1 Kopie\" data-image-description=\"\" data-image-caption=\"\" data-medium-file=\"https:\/\/i0.wp.com\/www.celtic-concerts-sessions.ch\/news\/wp-content\/uploads\/2022\/07\/2022-09-10-Hannah-Rarity-1-Kopie.jpg?fit=300%2C200&amp;ssl=1\" data-large-file=\"https:\/\/i0.wp.com\/www.celtic-concerts-sessions.ch\/news\/wp-content\/uploads\/2022\/07\/2022-09-10-Hannah-Rarity-1-Kopie.jpg?fit=840%2C560&amp;ssl=1\" src=\"https:\/\/i0.wp.com\/www.celtic-concerts-sessions.ch\/news\/wp-content\/uploads\/2022\/07\/2022-09-10-Hannah-Rarity-1-Kopie.jpg?resize=840%2C560&#038;ssl=1\" alt=\"\" class=\"wp-image-3492\" srcset=\"https:\/\/i0.wp.com\/www.celtic-concerts-sessions.ch\/news\/wp-content\/uploads\/2022\/07\/2022-09-10-Hannah-Rarity-1-Kopie.jpg?resize=1024%2C683&amp;ssl=1 1024w, https:\/\/i0.wp.com\/www.celtic-concerts-sessions.ch\/news\/wp-content\/uploads\/2022\/07\/2022-09-10-Hannah-Rarity-1-Kopie.jpg?resize=300%2C200&amp;ssl=1 300w, https:\/\/i0.wp.com\/www.celtic-concerts-sessions.ch\/news\/wp-content\/uploads\/2022\/07\/2022-09-10-Hannah-Rarity-1-Kopie.jpg?resize=768%2C512&amp;ssl=1 768w, https:\/\/i0.wp.com\/www.celtic-concerts-sessions.ch\/news\/wp-content\/uploads\/2022\/07\/2022-09-10-Hannah-Rarity-1-Kopie.jpg?resize=1200%2C801&amp;ssl=1 1200w, https:\/\/i0.wp.com\/www.celtic-concerts-sessions.ch\/news\/wp-content\/uploads\/2022\/07\/2022-09-10-Hannah-Rarity-1-Kopie.jpg?w=1250&amp;ssl=1 1250w\" sizes=\"auto, (max-width: 709px) 85vw, (max-width: 909px) 67vw, (max-width: 1362px) 62vw, 840px\" \/><\/a><\/figure>\n\n\n\n<p>Samstag, 10.09.2022<\/p>\n\n\n\n<p>Alte Kaserne Winterthur<\/p>\n\n\n\n<h3 class=\"wp-block-heading\"><strong>Scottish Colours-Tour<\/strong><\/h3>\n\n\n\n<p><strong>Hannah Rarity (SCO)<br>Fraser Fifield &amp; Graeme Stephen (SCO)<\/strong><\/p>\n\n\n\n<p><strong>Vor und nach den Konzerten: Open Irish Session<\/strong><br><br>Konzert: 20:00<br>T\u00fcr\u00f6ffnung und Session ab 19:00<br><br>***<\/p>\n\n\n\n<p><strong>Preise<\/strong>:<br>Vorverkauf: Normalpreis: CHF 35.-\/Legi: CHF 30.-<br>Abendkasse: Normalpreis: CHF 40.-\/Legi: CHF 35.-<br><a href=\"https:\/\/www.starticket.ch\/de\/tickets\/celtic-concerts-sessions-saisonpass-2223-20220910-2000-alte-kaserne-kulturzentrum-winterthur\" data-type=\"URL\" data-id=\"https:\/\/www.starticket.ch\/de\/tickets\/celtic-concerts-sessions-saisonpass-2223-20220910-2000-alte-kaserne-kulturzentrum-winterthur\" target=\"_blank\" rel=\"noreferrer noopener\">Saisonpass:<\/a> CHF 80.-<\/p>\n\n\n\n<p>Vorverkauf via <a href=\"https:\/\/www.starticket.ch\/de\/tickets\/scottish-colours-20220910-2000-alte-kaserne-kulturzentrum-winterthur\" data-type=\"URL\" data-id=\"https:\/\/www.starticket.ch\/de\/tickets\/scottish-colours-20220910-2000-alte-kaserne-kulturzentrum-winterthur\" target=\"_blank\" rel=\"noreferrer noopener\">Starticket<\/a> oder <a href=\"https:\/\/winterthur-tour.showare.ch\/ticketshop\/event\/celtic-concerts-sessions-1391?performance=scottish-colours-9816\" data-type=\"URL\" data-id=\"https:\/\/winterthur-tour.showare.ch\/ticketshop\/event\/celtic-concerts-sessions-1391?performance=scottish-colours-9816\" target=\"_blank\" rel=\"noreferrer noopener\">Ticket Winterthur<\/a><\/p>\n\n\n\n<p>***<\/p>\n\n\n\n<p>Bunt, kr\u00e4ftig und beeindruckend wie die Farben des Indian Summers im kanadischen Nova Scotia pr\u00e4sentiert sich die musikalische Palette der diesj\u00e4hrigen \u00abScottish Colours-Tour\u00bb. Gleich zwei grossartige Acts sind bei der bereits dreizehnten Ausgabe dieser Tour mit dabei!<br><br>An <strong>Hannah Raritys<\/strong> warme, kraftvolle und kristallklare Stimme wird man sich auch noch Jahre nach dem Konzert erinnern. Die junge S\u00e4ngerin gewann 2018 den BBC Radio Scotland Award und ist seit da fast pausenlos unterwegs. Wenn sie neben ihrer Solokariere noch etwas Zeit findet, arbeitet sie mit den renommierten Orchestern wie dem Royal Scottish National Orchestra oder dem Scottish Chamber Orchestra zusammen. Oder sie reist als S\u00e4ngerin der irisch-amerikanischen Band Cherish The Ladies um den Globus.<\/p>\n\n\n\n<p>Begleitet wird <strong>Hannah Rarity<\/strong> von der grossartigen Gitarristin <strong>Heather Cartwright<\/strong>.<strong>Fifield &amp; Stephen<\/strong> sind nicht nur Stars der schottischen Musikszene, sondern geh\u00f6ren zur ersten Garde des globale Worldmusic-Spektrums. Virtuos und ohne \u00fcbertriebenen Pathos verschmelzen die zwei K\u00fcnstler Musik aus allen Ecken dieser Welt und nehmen uns mit auf eine Reise von Edinburgh \u00fcber den Balkan nach Indien, New Orleans, S\u00fcdamerika, Afrika und \u2013 mit Zwischenhalt in den Jazzclubs Londons \u2013 zur\u00fcck zu den keltischen Steinkreisen der schottischen Highlands.<\/p>\n\n\n\n<p>Beeindruckend auch, mit wem <strong>Fiefield &amp; Stephen<\/strong> schon auf der B\u00fchne standen: Old Blind Dogs, Afro-Celt Soundsystem, Zakir Hussein, Salsa Celtica, Trilok Gurtu, Paolo Fresu&#8230; Wenn das keine erstklassigen Referenzen sind!<\/p>\n\n\n\n<p><br><a href=\"http:\/\/www.weltenklang.at\/artists\/15th-scottish-colours\" target=\"_blank\" rel=\"noreferrer noopener\">www.weltenklang.at\/artists\/15th-scottish-colours<\/a><\/p>\n\n\n\n<h3 class=\"wp-block-heading\"><strong>Hannah Rarity<\/strong><\/h3>\n\n\n\n<p><a href=\"http:\/\/www.hannahrarity.com\" target=\"_blank\" rel=\"noreferrer noopener\">www.hannahrarity.com<\/a>\u00a0\u00a0\u00a0\u00a0\u00a0\u00a0\u00a0\u00a0<br><a href=\"http:\/\/www.facebook.com\/hannahrarity\" target=\"_blank\" rel=\"noreferrer noopener\">www.facebook.com\/hannahrarity<\/a><\/p>\n\n\n\n<p><a href=\"https:\/\/www.youtube.com\/channel\/UC6F6kQuVmC5vN4o43fEnk3w\" target=\"_blank\" rel=\"noreferrer noopener\">https:\/\/www.youtube.com\/channel\/UC6F6kQuVmC5vN4o43fEnk3w<\/a><\/p>\n\n\n\n<figure class=\"wp-block-embed is-type-video is-provider-youtube wp-block-embed-youtube wp-embed-aspect-16-9 wp-has-aspect-ratio\"><div class=\"wp-block-embed__wrapper\">\n<iframe loading=\"lazy\" title=\"Auld Lang Syne Performed by Hannah Rarity and Blazin&#039; Fiddles | Hogmanay 2020\" width=\"840\" height=\"473\" src=\"https:\/\/www.youtube.com\/embed\/IZz1FYg8fmc?feature=oembed\" frameborder=\"0\" allow=\"accelerometer; autoplay; clipboard-write; encrypted-media; gyroscope; picture-in-picture; web-share\" referrerpolicy=\"strict-origin-when-cross-origin\" allowfullscreen><\/iframe>\n<\/div><\/figure>\n\n\n\n<figure class=\"wp-block-embed is-type-video is-provider-youtube wp-block-embed-youtube wp-embed-aspect-16-9 wp-has-aspect-ratio\"><div class=\"wp-block-embed__wrapper\">\n<iframe loading=\"lazy\" title=\"Land o&#039; the Leal - Hannah Rarity, Ryan MacKenzie, Conal McDonagh and Bernadette Kellermann\" width=\"840\" height=\"473\" src=\"https:\/\/www.youtube.com\/embed\/-XrXggQ9ppo?feature=oembed\" frameborder=\"0\" allow=\"accelerometer; autoplay; clipboard-write; encrypted-media; gyroscope; picture-in-picture; web-share\" referrerpolicy=\"strict-origin-when-cross-origin\" allowfullscreen><\/iframe>\n<\/div><\/figure>\n\n\n\n<figure class=\"wp-block-embed is-type-video is-provider-youtube wp-block-embed-youtube wp-embed-aspect-16-9 wp-has-aspect-ratio\"><div class=\"wp-block-embed__wrapper\">\n<iframe loading=\"lazy\" title=\"Erin Go Bragh - Hannah Rarity Live at Celtic Connections 2019\" width=\"840\" height=\"473\" src=\"https:\/\/www.youtube.com\/embed\/G258UQkn9ho?feature=oembed\" frameborder=\"0\" allow=\"accelerometer; autoplay; clipboard-write; encrypted-media; gyroscope; picture-in-picture; web-share\" referrerpolicy=\"strict-origin-when-cross-origin\" allowfullscreen><\/iframe>\n<\/div><\/figure>\n\n\n\n<h3 class=\"wp-block-heading\"><strong>Fraser Fifield &amp; Graeme Stephen<\/strong><\/h3>\n\n\n\n<p><br><a href=\"http:\/\/www.fraserfifield.com\" target=\"_blank\" rel=\"noreferrer noopener\">www.fraserfifield.com<\/a>\u00a0\u00a0\u00a0\u00a0\u00a0\u00a0\u00a0\u00a0\u00a0\u00a0<br><a href=\"http:\/\/www.graemestephen.net\" target=\"_blank\" rel=\"noreferrer noopener\">www.graemestephen.net<\/a><br><a href=\"http:\/\/www.facebook.com\/graemestephenmusic\" target=\"_blank\" rel=\"noreferrer noopener\">www.facebook.com\/graemestephenmusic<\/a><br><a href=\"http:\/\/www.facebook.com\/fraserfifieldmusic\" target=\"_blank\" rel=\"noreferrer noopener\">www.facebook.com\/fraserfifieldmusic<\/a><\/p>\n\n\n\n<figure class=\"wp-block-embed is-type-video is-provider-youtube wp-block-embed-youtube wp-embed-aspect-16-9 wp-has-aspect-ratio\"><div class=\"wp-block-embed__wrapper\">\n<iframe loading=\"lazy\" title=\"Fraser Fifield &amp; Graeme Stephen - Esotero \/ Wallpaper Tunes in Sandy Bell&#039;s\" width=\"840\" height=\"473\" src=\"https:\/\/www.youtube.com\/embed\/WwgW1jJ4NiA?feature=oembed\" frameborder=\"0\" allow=\"accelerometer; autoplay; clipboard-write; encrypted-media; gyroscope; picture-in-picture; web-share\" referrerpolicy=\"strict-origin-when-cross-origin\" allowfullscreen><\/iframe>\n<\/div><\/figure>\n\n\n\n<figure class=\"wp-block-embed is-type-video is-provider-youtube wp-block-embed-youtube wp-embed-aspect-16-9 wp-has-aspect-ratio\"><div class=\"wp-block-embed__wrapper\">\n<iframe loading=\"lazy\" title=\"Graeme Stephen + Fraser Fifield - Untitled\" width=\"840\" height=\"473\" src=\"https:\/\/www.youtube.com\/embed\/oqSNlosJJFE?feature=oembed\" frameborder=\"0\" allow=\"accelerometer; autoplay; clipboard-write; encrypted-media; gyroscope; picture-in-picture; web-share\" referrerpolicy=\"strict-origin-when-cross-origin\" allowfullscreen><\/iframe>\n<\/div><\/figure>\n\n\n\n<p>***<\/p>\n\n\n\n<p>Was w\u00e4re ein Celtic-Abend ohne Session? Wir verwandeln die Alte Kaserne in ein Pub und lassen unsere Session-Musiker vor und nach dem Konzert musizieren. Jede und jeder darf mitspielen.<br>Also: Fiddle &amp; Co. eingepackt und los geht\u2019s!<br>Fragen zu den Sessions? Meldet euch bitte direkt bei Rose: info@irishevents.ch<\/p>\n","protected":false},"excerpt":{"rendered":"<p>Samstag, 10.09.2022 Alte Kaserne Winterthur Scottish Colours-Tour Hannah Rarity (SCO)Fraser Fifield &amp; Graeme Stephen (SCO) Vor und nach den Konzerten: Open Irish Session Konzert: 20:00T\u00fcr\u00f6ffnung und Session ab 19:00 *** Preise:Vorverkauf: Normalpreis: CHF 35.-\/Legi: CHF 30.-Abendkasse: Normalpreis: CHF 40.-\/Legi: CHF 35.-Saisonpass: CHF 80.- Vorverkauf via Starticket oder Ticket Winterthur *** Bunt, kr\u00e4ftig und beeindruckend wie &hellip; <a href=\"https:\/\/www.celtic-concerts-sessions.ch\/news\/10-09-2022-scottish-colours\/\" class=\"more-link\"><span class=\"screen-reader-text\">\u201e10.09.2022 | Scottish Colours\u201c<\/span> weiterlesen<\/a><\/p>\n","protected":false},"author":1,"featured_media":0,"parent":0,"menu_order":0,"comment_status":"closed","ping_status":"closed","template":"","meta":{"jetpack_post_was_ever_published":false,"footnotes":""},"class_list":["post-3487","page","type-page","status-publish","hentry"],"jetpack_sharing_enabled":true,"jetpack_shortlink":"https:\/\/wp.me\/P9oLVZ-Uf","jetpack_likes_enabled":true,"jetpack-related-posts":[],"_links":{"self":[{"href":"https:\/\/www.celtic-concerts-sessions.ch\/news\/wp-json\/wp\/v2\/pages\/3487","targetHints":{"allow":["GET"]}}],"collection":[{"href":"https:\/\/www.celtic-concerts-sessions.ch\/news\/wp-json\/wp\/v2\/pages"}],"about":[{"href":"https:\/\/www.celtic-concerts-sessions.ch\/news\/wp-json\/wp\/v2\/types\/page"}],"author":[{"embeddable":true,"href":"https:\/\/www.celtic-concerts-sessions.ch\/news\/wp-json\/wp\/v2\/users\/1"}],"replies":[{"embeddable":true,"href":"https:\/\/www.celtic-concerts-sessions.ch\/news\/wp-json\/wp\/v2\/comments?post=3487"}],"version-history":[{"count":7,"href":"https:\/\/www.celtic-concerts-sessions.ch\/news\/wp-json\/wp\/v2\/pages\/3487\/revisions"}],"predecessor-version":[{"id":3560,"href":"https:\/\/www.celtic-concerts-sessions.ch\/news\/wp-json\/wp\/v2\/pages\/3487\/revisions\/3560"}],"wp:attachment":[{"href":"https:\/\/www.celtic-concerts-sessions.ch\/news\/wp-json\/wp\/v2\/media?parent=3487"}],"curies":[{"name":"wp","href":"https:\/\/api.w.org\/{rel}","templated":true}]}}