{"id":3295,"date":"2020-07-26T14:01:34","date_gmt":"2020-07-26T14:01:34","guid":{"rendered":"https:\/\/www.celtic-concerts-sessions.ch\/news\/?page_id=3295"},"modified":"2021-09-13T19:21:48","modified_gmt":"2021-09-13T19:21:48","slug":"corona-infos","status":"publish","type":"page","link":"https:\/\/www.celtic-concerts-sessions.ch\/news\/corona-infos\/","title":{"rendered":"Corona &#8211; Schutzkonzept und weitere Infos"},"content":{"rendered":"\n<h2 class=\"wp-block-heading\">Liebe Besucherinnen und Besucher<\/h2>\n\n\n\n<p>Liebe Besucherinnen und Besucher<br>Die Anl\u00e4sse vom 24.9.21 und 27.11.21 werden als 3G-Veranstaltung (also geimpft, getestet oder genesen) durchf\u00fchren. Wir werden aber weiterhin den Saal maximal zu 2\/3 f\u00fcllen, damit zwischen den einzelnen Besucher:innengruppen gen\u00fcgend Abstand eingehalten werden kann. Im Konzertsaal besteht keine Maskenpflicht. Es d\u00fcrfen aber nat\u00fcrlich alle, die sich unwohl f\u00fchlen, gerne eine Maske tragen.<\/p>\n\n\n\n<h2 class=\"wp-block-heading\">Unsere Schutzmassnahmen f\u00fcr die Veranstaltungen vom 24.9. und 27.11.21:<\/h2>\n\n\n\n<p><\/p>\n\n\n\n<ul class=\"wp-block-list\"><li>Zutritt nur mit g\u00fcltigem&nbsp;<strong><span style=\"color:#9abe54\" class=\"has-inline-color\">Covid-19-Zertifikat<\/span><\/strong>&nbsp;(geimpft, getestet oder genesen) und g\u00fcltigem Ausweis (mit Bild &#8211; also ID, Pass oder Fahrausweis) f\u00fcr alle Personen ab 16 Jahren<\/li><li>Impfp\u00e4sse, Selbsttests und andere Bescheinigungen sind nicht g\u00fcltig.<\/li><li>Bitte achten Sie darauf, dass Ihr Zertifikat am Konzertabend noch g\u00fcltig ist.<\/li><li>Alle Mitarbeiter:innen und Musiker:innen, die sich im Konzertsaal aufhalten, haben ebenfalls ein g\u00fcltiges Covid-19-Zertifikat.<\/li><li>Beim Einlass zum Konzertsaal werden zuerst die Zertifikate gepr\u00fcft und danach die Tickets (Vorverkauf und Abendkasse).<\/li><li><span style=\"color:#9abe54\" class=\"has-inline-color\"><strong>Maskenpflicht<\/strong>&nbsp;<\/span>f\u00fcr alle Personen ab 12 Jahren in den \u00f6ffentlich zug\u00e4nglichen R\u00e4umen: Foyer (Kasse, Einlass), WCs, Bistro<\/li><li><span style=\"color:#9abe54\" class=\"has-inline-color\">Im Konzertsaal muss keine Maske getragen werden<\/span>. <\/li><li>&nbsp;Es stehen diverse Stationen mit H\u00e4ndedesinfektionsmittel zur Verf\u00fcgung. Die sanit\u00e4ren Anlagen sind mit fliessend Wasser, Seife und Einweghandt\u00fccher ausgestattet.<\/li><li>Der Konzertsaal ist gut gel\u00fcftet.<\/li><li>Treten covid-19-typische Krankheitssymptome auf, bleiben Sie bitte zu Hause und lassen Sie sich testen.<\/li><li>Sollte sich dies \u00e4ndern, werden wir \u00fcber unsere Webseite, \u00fcber Facebook und per Mail an die Ticketk\u00e4ufer:innen so schnell wie m\u00f6glich informieren.<\/li><\/ul>\n\n\n\n<h3 class=\"wp-block-heading\"><strong>Testen<\/strong><\/h3>\n\n\n\n<p>An folgenden Orten kann getestet werden:<\/p>\n\n\n\n<ul class=\"wp-block-list\"><li><a rel=\"noreferrer noopener\" href=\"https:\/\/covid-winterthur.ch\/\" data-type=\"URL\" data-id=\"https:\/\/covid-winterthur.ch\/\" target=\"_blank\">Testcenter Rosenberg<\/a>, Winterthur <\/li><li><a rel=\"noreferrer noopener\" href=\"https:\/\/www.permanence-winterthur.ch\/\" data-type=\"URL\" data-id=\"https:\/\/www.permanence-winterthur.ch\/\" target=\"_blank\">Permanence<\/a> beim Hauptbahnhof, Winterthur <\/li><li><a href=\"https:\/\/deintest.ch\/\" data-type=\"URL\" data-id=\"https:\/\/deintest.ch\/\" target=\"_blank\" rel=\"noreferrer noopener\">Testcenter meintest.ch<\/a> beim Hauptbahnhof, Z\u00fcrich <\/li><\/ul>\n\n\n\n<h3 class=\"wp-block-heading\"><strong>Planung<\/strong><\/h3>\n\n\n\n<p>Bitte planen Sie etwas mehr Zeit ein. Beim Einlass kann es zu Verz\u00f6gerungen kommen.<\/p>\n\n\n\n<p>Vielen Dank f\u00fcr Ihr Verst\u00e4ndnis!<\/p>\n\n\n\n<p>Das Team der Alten Kaserne und von CELTIC &#8211; Concerts &amp; Sessions<\/p>\n\n\n\n<p>(Coronavirus \u2013 aktuelle Situation \u2013 Montag, 13. September 2021)<\/p>\n","protected":false},"excerpt":{"rendered":"<p>Liebe Besucherinnen und Besucher Liebe Besucherinnen und BesucherDie Anl\u00e4sse vom 24.9.21 und 27.11.21 werden als 3G-Veranstaltung (also geimpft, getestet oder genesen) durchf\u00fchren. Wir werden aber weiterhin den Saal maximal zu 2\/3 f\u00fcllen, damit zwischen den einzelnen Besucher:innengruppen gen\u00fcgend Abstand eingehalten werden kann. Im Konzertsaal besteht keine Maskenpflicht. Es d\u00fcrfen aber nat\u00fcrlich alle, die sich unwohl &hellip; <a href=\"https:\/\/www.celtic-concerts-sessions.ch\/news\/corona-infos\/\" class=\"more-link\"><span class=\"screen-reader-text\">\u201eCorona &#8211; Schutzkonzept und weitere Infos\u201c<\/span> weiterlesen<\/a><\/p>\n","protected":false},"author":1,"featured_media":0,"parent":0,"menu_order":0,"comment_status":"closed","ping_status":"closed","template":"","meta":{"jetpack_post_was_ever_published":false,"footnotes":""},"class_list":["post-3295","page","type-page","status-publish","hentry"],"jetpack_sharing_enabled":true,"jetpack_shortlink":"https:\/\/wp.me\/P9oLVZ-R9","jetpack_likes_enabled":true,"jetpack-related-posts":[],"_links":{"self":[{"href":"https:\/\/www.celtic-concerts-sessions.ch\/news\/wp-json\/wp\/v2\/pages\/3295","targetHints":{"allow":["GET"]}}],"collection":[{"href":"https:\/\/www.celtic-concerts-sessions.ch\/news\/wp-json\/wp\/v2\/pages"}],"about":[{"href":"https:\/\/www.celtic-concerts-sessions.ch\/news\/wp-json\/wp\/v2\/types\/page"}],"author":[{"embeddable":true,"href":"https:\/\/www.celtic-concerts-sessions.ch\/news\/wp-json\/wp\/v2\/users\/1"}],"replies":[{"embeddable":true,"href":"https:\/\/www.celtic-concerts-sessions.ch\/news\/wp-json\/wp\/v2\/comments?post=3295"}],"version-history":[{"count":15,"href":"https:\/\/www.celtic-concerts-sessions.ch\/news\/wp-json\/wp\/v2\/pages\/3295\/revisions"}],"predecessor-version":[{"id":3411,"href":"https:\/\/www.celtic-concerts-sessions.ch\/news\/wp-json\/wp\/v2\/pages\/3295\/revisions\/3411"}],"wp:attachment":[{"href":"https:\/\/www.celtic-concerts-sessions.ch\/news\/wp-json\/wp\/v2\/media?parent=3295"}],"curies":[{"name":"wp","href":"https:\/\/api.w.org\/{rel}","templated":true}]}}