{"id":2870,"date":"2017-02-27T20:53:48","date_gmt":"2017-02-27T20:53:48","guid":{"rendered":"http:\/\/www.celtic-concerts-sessions.ch\/news\/?page_id=2870"},"modified":"2021-06-09T05:10:03","modified_gmt":"2021-06-09T05:10:03","slug":"impressum","status":"publish","type":"page","link":"https:\/\/www.celtic-concerts-sessions.ch\/news\/about\/impressum\/","title":{"rendered":"Impressum"},"content":{"rendered":"<p><strong>Kontaktadresse<\/strong><br \/>\nCELTIC &#8211; Concerts&amp;Sessions<br \/>\nBr\u00fchlgartenstrasse 10<br \/>\n8400 Winterthur<br \/>\nSchweiz<br \/>\n<a href=\"mailto:info@celtic-concerts-sessions.ch\">info@celtic-concerts-sessions.ch<\/a><\/p>\n<p><strong>Vertretungsberechtigte Personen<\/strong><br \/>\nEvelyne Fankhauser<\/p>\n<p><strong>Haftungsausschluss<\/strong><br \/>\nDer Autor \u00fcbernimmt keinerlei Gew\u00e4hr hinsichtlich der inhaltlichen Richtigkeit, Genauigkeit, Aktualit\u00e4t, Zuverl\u00e4ssigkeit und Vollst\u00e4ndigkeit der Informationen.<br \/>\nHaftungsanspr\u00fcche gegen den Autor wegen Sch\u00e4den materieller oder immaterieller Art, welche aus dem Zugriff oder der Nutzung bzw. Nichtnutzung der ver\u00f6ffentlichten Informationen, durch Missbrauch der Verbindung oder durch technische St\u00f6rungen entstanden sind, werden ausgeschlossen.<br \/>\nAlle Angebote sind unverbindlich. Der Autor beh\u00e4lt es sich ausdr\u00fccklich vor, Teile der Seiten oder das gesamte Angebot ohne gesonderte Ank\u00fcndigung zu ver\u00e4ndern, zu erg\u00e4nzen, zu l\u00f6schen oder die Ver\u00f6ffentlichung zeitweise oder endg\u00fcltig einzustellen.<\/p>\n<p><strong>Haftung f\u00fcr Links<\/strong><br \/>\nVerweise und Links auf Webseiten Dritter liegen ausserhalb unseres Verantwortungsbereichs Es wird jegliche Verantwortung f\u00fcr solche Webseiten abgelehnt. Der Zugriff und die Nutzung solcher Webseiten erfolgen auf eigene Gefahr des Nutzers oder der Nutzerin.<\/p>\n<p><strong>Urheberrechte<\/strong><br \/>\nDie Urheber- und alle anderen Rechte an Inhalten, Bildern, Fotos oder anderen Dateien auf der Website geh\u00f6ren ausschliesslich dem Verein CELTIC &#8211; Concerts&amp;Sessions oder den speziell genannten Rechtsinhabern. F\u00fcr die Reproduktion jeglicher Elemente ist die schriftliche Zustimmung der Urheberrechtstr\u00e4ger im Voraus einzuholen.<\/p>\n<p><strong>Quelle<\/strong><br \/>\nDieses Impressum wurde am 27.02.2017 mit dem Impressum-Generator <a href=\"http:\/\/www.bag.ch\/impressum-generator\">http:\/\/www.bag.ch\/impressum-generator<\/a> der Firma Brunner Medien AG, Druck und Medien, in Kriens erstellt. Die Brunner Medien AG, Druck und Medien, in Kriens \u00fcbernimmt keine Haftung.<\/p>\n","protected":false},"excerpt":{"rendered":"<p>Kontaktadresse CELTIC &#8211; Concerts&amp;Sessions Br\u00fchlgartenstrasse 10 8400 Winterthur Schweiz info@celtic-concerts-sessions.ch Vertretungsberechtigte Personen Evelyne Fankhauser Haftungsausschluss Der Autor \u00fcbernimmt keinerlei Gew\u00e4hr hinsichtlich der inhaltlichen Richtigkeit, Genauigkeit, Aktualit\u00e4t, Zuverl\u00e4ssigkeit und Vollst\u00e4ndigkeit der Informationen. Haftungsanspr\u00fcche gegen den Autor wegen Sch\u00e4den materieller oder immaterieller Art, welche aus dem Zugriff oder der Nutzung bzw. Nichtnutzung der ver\u00f6ffentlichten Informationen, durch Missbrauch &hellip; <a href=\"https:\/\/www.celtic-concerts-sessions.ch\/news\/about\/impressum\/\" class=\"more-link\"><span class=\"screen-reader-text\">\u201eImpressum\u201c<\/span> weiterlesen<\/a><\/p>\n","protected":false},"author":1,"featured_media":0,"parent":2,"menu_order":10,"comment_status":"closed","ping_status":"closed","template":"","meta":{"jetpack_post_was_ever_published":false,"footnotes":""},"class_list":["post-2870","page","type-page","status-publish","hentry"],"jetpack_sharing_enabled":true,"jetpack_shortlink":"https:\/\/wp.me\/P9oLVZ-Ki","jetpack_likes_enabled":true,"jetpack-related-posts":[],"_links":{"self":[{"href":"https:\/\/www.celtic-concerts-sessions.ch\/news\/wp-json\/wp\/v2\/pages\/2870","targetHints":{"allow":["GET"]}}],"collection":[{"href":"https:\/\/www.celtic-concerts-sessions.ch\/news\/wp-json\/wp\/v2\/pages"}],"about":[{"href":"https:\/\/www.celtic-concerts-sessions.ch\/news\/wp-json\/wp\/v2\/types\/page"}],"author":[{"embeddable":true,"href":"https:\/\/www.celtic-concerts-sessions.ch\/news\/wp-json\/wp\/v2\/users\/1"}],"replies":[{"embeddable":true,"href":"https:\/\/www.celtic-concerts-sessions.ch\/news\/wp-json\/wp\/v2\/comments?post=2870"}],"version-history":[{"count":3,"href":"https:\/\/www.celtic-concerts-sessions.ch\/news\/wp-json\/wp\/v2\/pages\/2870\/revisions"}],"predecessor-version":[{"id":3355,"href":"https:\/\/www.celtic-concerts-sessions.ch\/news\/wp-json\/wp\/v2\/pages\/2870\/revisions\/3355"}],"up":[{"embeddable":true,"href":"https:\/\/www.celtic-concerts-sessions.ch\/news\/wp-json\/wp\/v2\/pages\/2"}],"wp:attachment":[{"href":"https:\/\/www.celtic-concerts-sessions.ch\/news\/wp-json\/wp\/v2\/media?parent=2870"}],"curies":[{"name":"wp","href":"https:\/\/api.w.org\/{rel}","templated":true}]}}